{"id":26570,"date":"2020-09-28T11:59:00","date_gmt":"2020-09-28T09:59:49","guid":{"rendered":"https:\/\/www.chateauberne.com\/?page_id=62"},"modified":"2026-04-16T11:01:48","modified_gmt":"2026-04-16T09:01:48","slug":"l-olivier-de-berne","status":"publish","type":"page","link":"http:\/\/www.chateauberne.com\/de\/gastronomie\/l-olivier-de-berne\/","title":{"rendered":"Der Olivenbaum von Bern"},"content":{"rendered":"<div data-elementor-type=\"wp-page\" data-elementor-id=\"26570\" class=\"elementor elementor-26570\" data-elementor-post-type=\"page\">\n\t\t\t\t<div class=\"elementor-element elementor-element-8e76ff4 e-con-full e-flex e-con e-parent\" data-id=\"8e76ff4\" data-element_type=\"container\" data-e-type=\"container\">\n\t\t\t\t<div class=\"elementor-element elementor-element-9ef7adc elementor--h-position-center elementor--v-position-middle elementor-widget elementor-widget-slides\" data-id=\"9ef7adc\" data-element_type=\"widget\" data-e-type=\"widget\" data-settings=\"{&quot;navigation&quot;:&quot;none&quot;,&quot;transition&quot;:&quot;fade&quot;,&quot;transition_speed&quot;:500}\" data-widget_type=\"slides.default\">\n\t\t\t\t<div class=\"elementor-widget-container\">\n\t\t\t\t\t\t\t\t\t<div class=\"elementor-swiper\">\n\t\t\t\t\t<div class=\"elementor-slides-wrapper elementor-main-swiper swiper\" role=\"region\" aria-roledescription=\"carousel\" aria-label=\"Folien\" dir=\"ltr\" data-animation=\"fadeInUp\">\n\t\t\t\t<div class=\"swiper-wrapper elementor-slides\">\n\t\t\t\t\t\t\t\t\t\t<div class=\"elementor-repeater-item-de8fba4 swiper-slide\" role=\"group\" aria-roledescription=\"slide\"><div class=\"swiper-slide-bg\" role=\"img\" aria-label=\"17-terrasse von bern @herve favre 2018\"><\/div><div class=\"swiper-slide-inner\" ><div class=\"swiper-slide-contents\"><\/div><\/div><\/div>\t\t\t\t<\/div>\n\t\t\t\t\t\t\t<\/div>\n\t\t\t\t<\/div>\n\t\t\t\t\t\t\t\t<\/div>\n\t\t\t\t<\/div>\n\t\t\t\t<\/div>\n\t\t<div class=\"elementor-element elementor-element-08341a7 e-flex e-con-boxed e-con e-parent\" data-id=\"08341a7\" data-element_type=\"container\" data-e-type=\"container\">\n\t\t\t\t\t<div class=\"e-con-inner\">\n\t\t\t\t<div class=\"elementor-element elementor-element-2c64607 e-transform e-transform elementor-widget-divider--view-line elementor-widget elementor-widget-global elementor-global-24569 elementor-widget-divider\" data-id=\"2c64607\" data-element_type=\"widget\" data-e-type=\"widget\" data-settings=\"{&quot;_transform_rotateZ_effect&quot;:{&quot;unit&quot;:&quot;px&quot;,&quot;size&quot;:90,&quot;sizes&quot;:[]},&quot;_transform_translateX_effect&quot;:{&quot;unit&quot;:&quot;px&quot;,&quot;size&quot;:60,&quot;sizes&quot;:[]},&quot;_transform_rotateZ_effect_widescreen&quot;:{&quot;unit&quot;:&quot;deg&quot;,&quot;size&quot;:&quot;&quot;,&quot;sizes&quot;:[]},&quot;_transform_rotateZ_effect_laptop&quot;:{&quot;unit&quot;:&quot;deg&quot;,&quot;size&quot;:&quot;&quot;,&quot;sizes&quot;:[]},&quot;_transform_rotateZ_effect_tablet_extra&quot;:{&quot;unit&quot;:&quot;deg&quot;,&quot;size&quot;:&quot;&quot;,&quot;sizes&quot;:[]},&quot;_transform_rotateZ_effect_tablet&quot;:{&quot;unit&quot;:&quot;deg&quot;,&quot;size&quot;:&quot;&quot;,&quot;sizes&quot;:[]},&quot;_transform_rotateZ_effect_mobile&quot;:{&quot;unit&quot;:&quot;deg&quot;,&quot;size&quot;:&quot;&quot;,&quot;sizes&quot;:[]},&quot;_transform_translateX_effect_widescreen&quot;:{&quot;unit&quot;:&quot;px&quot;,&quot;size&quot;:&quot;&quot;,&quot;sizes&quot;:[]},&quot;_transform_translateX_effect_laptop&quot;:{&quot;unit&quot;:&quot;px&quot;,&quot;size&quot;:&quot;&quot;,&quot;sizes&quot;:[]},&quot;_transform_translateX_effect_tablet_extra&quot;:{&quot;unit&quot;:&quot;px&quot;,&quot;size&quot;:&quot;&quot;,&quot;sizes&quot;:[]},&quot;_transform_translateX_effect_tablet&quot;:{&quot;unit&quot;:&quot;px&quot;,&quot;size&quot;:&quot;&quot;,&quot;sizes&quot;:[]},&quot;_transform_translateX_effect_mobile&quot;:{&quot;unit&quot;:&quot;px&quot;,&quot;size&quot;:&quot;&quot;,&quot;sizes&quot;:[]},&quot;_transform_translateY_effect&quot;:{&quot;unit&quot;:&quot;px&quot;,&quot;size&quot;:&quot;&quot;,&quot;sizes&quot;:[]},&quot;_transform_translateY_effect_widescreen&quot;:{&quot;unit&quot;:&quot;px&quot;,&quot;size&quot;:&quot;&quot;,&quot;sizes&quot;:[]},&quot;_transform_translateY_effect_laptop&quot;:{&quot;unit&quot;:&quot;px&quot;,&quot;size&quot;:&quot;&quot;,&quot;sizes&quot;:[]},&quot;_transform_translateY_effect_tablet_extra&quot;:{&quot;unit&quot;:&quot;px&quot;,&quot;size&quot;:&quot;&quot;,&quot;sizes&quot;:[]},&quot;_transform_translateY_effect_tablet&quot;:{&quot;unit&quot;:&quot;px&quot;,&quot;size&quot;:&quot;&quot;,&quot;sizes&quot;:[]},&quot;_transform_translateY_effect_mobile&quot;:{&quot;unit&quot;:&quot;px&quot;,&quot;size&quot;:&quot;&quot;,&quot;sizes&quot;:[]}}\" data-widget_type=\"divider.default\">\n\t\t\t\t<div class=\"elementor-widget-container\">\n\t\t\t\t\t\t\t<div class=\"elementor-divider\">\n\t\t\t<span class=\"elementor-divider-separator\">\n\t\t\t\t\t\t<\/span>\n\t\t<\/div>\n\t\t\t\t\t\t<\/div>\n\t\t\t\t<\/div>\n\t\t\t\t<div class=\"elementor-element elementor-element-452945b elementor-widget elementor-widget-heading\" data-id=\"452945b\" data-element_type=\"widget\" data-e-type=\"widget\" data-widget_type=\"heading.default\">\n\t\t\t\t<div class=\"elementor-widget-container\">\n\t\t\t\t\t<h1 class=\"elementor-heading-title elementor-size-default\">Der Olivenbaum von bern<\/h1>\t\t\t\t<\/div>\n\t\t\t\t<\/div>\n\t\t\t\t<div class=\"elementor-element elementor-element-d4cb737 elementor-widget elementor-widget-heading\" data-id=\"d4cb737\" data-element_type=\"widget\" data-e-type=\"widget\" data-widget_type=\"heading.default\">\n\t\t\t\t<div class=\"elementor-widget-container\">\n\t\t\t\t\t<h2 class=\"elementor-heading-title elementor-size-default\">Eine K\u00fcche mit provenzalischen Aromen<\/h2>\t\t\t\t<\/div>\n\t\t\t\t<\/div>\n\t\t\t\t<div class=\"elementor-element elementor-element-761c4ce elementor-widget elementor-widget-text-editor\" data-id=\"761c4ce\" data-element_type=\"widget\" data-e-type=\"widget\" data-widget_type=\"text-editor.default\">\n\t\t\t\t<div class=\"elementor-widget-container\">\n\t\t\t\t\t\t\t\t\t<p><span style=\"color: #284734;\">Als Symbol der Provence, das oft mit der Sonne, den Zikaden und der K\u00fcche des S\u00fcdens in Verbindung gebracht wird, ist das<em>Olivier <\/em>stellt die Identit\u00e4t unseres Sommerrestaurants auf wunderbare Weise dar. Ein vielsagender Name, der auch eine Hommage an einen der Reicht\u00fcmer unseres Weinguts darstellt.<\/span><\/p>\t\t\t\t\t\t\t\t<\/div>\n\t\t\t\t<\/div>\n\t\t\t\t\t<\/div>\n\t\t\t\t<\/div>\n\t\t<div class=\"elementor-element elementor-element-34846dc e-flex e-con-boxed e-con e-parent\" data-id=\"34846dc\" data-element_type=\"container\" data-e-type=\"container\">\n\t\t\t\t\t<div class=\"e-con-inner\">\n\t\t<div class=\"elementor-element elementor-element-60daaec e-con-full e-flex e-con e-child\" data-id=\"60daaec\" data-element_type=\"container\" data-e-type=\"container\">\n\t\t\t\t<div class=\"elementor-element elementor-element-85e9ee5 elementor-widget elementor-widget-image\" data-id=\"85e9ee5\" data-element_type=\"widget\" data-e-type=\"widget\" data-widget_type=\"image.default\">\n\t\t\t\t<div class=\"elementor-widget-container\">\n\t\t\t\t\t\t\t\t\t\t\t\t\t\t\t<img fetchpriority=\"high\" decoding=\"async\" width=\"800\" height=\"640\" src=\"https:\/\/www.chateauberne.com\/wp-content\/uploads\/2022\/07\/Le-Chateau-de-Berne-La-Terrasse-de-Berne-plats-@leagil-min-1024x819.jpg\" class=\"attachment-large size-large wp-image-13818\" alt=\"\" srcset=\"https:\/\/www.chateauberne.com\/wp-content\/uploads\/2022\/07\/Le-Chateau-de-Berne-La-Terrasse-de-Berne-plats-@leagil-min-1024x819.jpg 1024w, https:\/\/www.chateauberne.com\/wp-content\/uploads\/2022\/07\/Le-Chateau-de-Berne-La-Terrasse-de-Berne-plats-@leagil-min-300x240.jpg 300w, https:\/\/www.chateauberne.com\/wp-content\/uploads\/2022\/07\/Le-Chateau-de-Berne-La-Terrasse-de-Berne-plats-@leagil-min-768x614.jpg 768w, https:\/\/www.chateauberne.com\/wp-content\/uploads\/2022\/07\/Le-Chateau-de-Berne-La-Terrasse-de-Berne-plats-@leagil-min-1536x1229.jpg 1536w, https:\/\/www.chateauberne.com\/wp-content\/uploads\/2022\/07\/Le-Chateau-de-Berne-La-Terrasse-de-Berne-plats-@leagil-min-2048x1639.jpg 2048w, https:\/\/www.chateauberne.com\/wp-content\/uploads\/2022\/07\/Le-Chateau-de-Berne-La-Terrasse-de-Berne-plats-@leagil-min-15x12.jpg 15w\" sizes=\"(max-width: 800px) 100vw, 800px\" \/>\t\t\t\t\t\t\t\t\t\t\t\t\t\t\t<\/div>\n\t\t\t\t<\/div>\n\t\t\t\t<\/div>\n\t\t<div class=\"elementor-element elementor-element-fbc7185 e-con-full e-flex e-con e-child\" data-id=\"fbc7185\" data-element_type=\"container\" data-e-type=\"container\" data-settings=\"{&quot;background_background&quot;:&quot;classic&quot;}\">\n\t\t\t\t<div class=\"elementor-element elementor-element-126ce73 elementor-widget elementor-widget-heading\" data-id=\"126ce73\" data-element_type=\"widget\" data-e-type=\"widget\" data-widget_type=\"heading.default\">\n\t\t\t\t<div class=\"elementor-widget-container\">\n\t\t\t\t\t<h2 class=\"elementor-heading-title elementor-size-default\">Eine Einladung zur Geselligkeit<\/h2>\t\t\t\t<\/div>\n\t\t\t\t<\/div>\n\t\t\t\t<div class=\"elementor-element elementor-element-a1b1f6f elementor-widget elementor-widget-text-editor\" data-id=\"a1b1f6f\" data-element_type=\"widget\" data-e-type=\"widget\" data-widget_type=\"text-editor.default\">\n\t\t\t\t<div class=\"elementor-widget-container\">\n\t\t\t\t\t\t\t\t\t<p>Seine gro\u00dfe Terrasse mit Blick auf die Weinberge ist eine echte Einladung, die sch\u00f6nen Tage im Freien zu genie\u00dfen. Im Olivier de Berne wird die provenzalische K\u00fcche durch einen gro\u00dfz\u00fcgigen, authentischen und tief in den Traditionen des S\u00fcdens verwurzelten Ansatz geehrt. Ein Gourmet-Erlebnis, das Sie mit der Familie oder mit Freunden teilen k\u00f6nnen.<\/p><p>J\u00e4hrlich geschlossen.<\/p>\t\t\t\t\t\t\t\t<\/div>\n\t\t\t\t<\/div>\n\t\t\t\t<div class=\"elementor-element elementor-element-0bf2c81 elementor-align-left elementor-widget elementor-widget-button\" data-id=\"0bf2c81\" data-element_type=\"widget\" data-e-type=\"widget\" data-widget_type=\"button.default\">\n\t\t\t\t<div class=\"elementor-widget-container\">\n\t\t\t\t\t\t\t\t\t<div class=\"elementor-button-wrapper\">\n\t\t\t\t\t<a class=\"elementor-button elementor-button-link elementor-size-sm\" href=\"https:\/\/www.sevenrooms.com\/explore\/lolivierdeberne\/reservations\/create\/search\/\" target=\"_blank\" rel=\"noopener\">\n\t\t\t\t\t\t<span class=\"elementor-button-content-wrapper\">\n\t\t\t\t\t\t<span class=\"elementor-button-icon\">\n\t\t\t\t<i aria-hidden=\"true\" class=\"icon icon-calendrier\"><\/i>\t\t\t<\/span>\n\t\t\t\t\t\t\t\t\t<span class=\"elementor-button-text\">Ich buche<\/span>\n\t\t\t\t\t<\/span>\n\t\t\t\t\t<\/a>\n\t\t\t\t<\/div>\n\t\t\t\t\t\t\t\t<\/div>\n\t\t\t\t<\/div>\n\t\t\t\t<div class=\"elementor-element elementor-element-b1a3db3 elementor-align-left elementor-widget elementor-widget-button\" data-id=\"b1a3db3\" data-element_type=\"widget\" data-e-type=\"widget\" data-widget_type=\"button.default\">\n\t\t\t\t<div class=\"elementor-widget-container\">\n\t\t\t\t\t\t\t\t\t<div class=\"elementor-button-wrapper\">\n\t\t\t\t\t<a class=\"elementor-button elementor-button-link elementor-size-sm\" href=\"tel:+33494604979\">\n\t\t\t\t\t\t<span class=\"elementor-button-content-wrapper\">\n\t\t\t\t\t\t<span class=\"elementor-button-icon\">\n\t\t\t\t<i aria-hidden=\"true\" class=\"icon icon-phone\"><\/i>\t\t\t<\/span>\n\t\t\t\t\t\t\t\t\t<span class=\"elementor-button-text\">+33(0)4 94 60 49 79<\/span>\n\t\t\t\t\t<\/span>\n\t\t\t\t\t<\/a>\n\t\t\t\t<\/div>\n\t\t\t\t\t\t\t\t<\/div>\n\t\t\t\t<\/div>\n\t\t\t\t<\/div>\n\t\t\t\t\t<\/div>\n\t\t\t\t<\/div>\n\t\t<div class=\"elementor-element elementor-element-a60bf54 e-flex e-con-boxed e-con e-parent\" data-id=\"a60bf54\" data-element_type=\"container\" data-e-type=\"container\">\n\t\t\t\t\t<div class=\"e-con-inner\">\n\t\t<div class=\"elementor-element elementor-element-155342f e-con-full e-flex e-con e-child\" data-id=\"155342f\" data-element_type=\"container\" data-e-type=\"container\" data-settings=\"{&quot;background_background&quot;:&quot;classic&quot;}\">\n\t\t\t\t<div class=\"elementor-element elementor-element-73efa65 elementor-widget elementor-widget-heading\" data-id=\"73efa65\" data-element_type=\"widget\" data-e-type=\"widget\" data-widget_type=\"heading.default\">\n\t\t\t\t<div class=\"elementor-widget-container\">\n\t\t\t\t\t<h2 class=\"elementor-heading-title elementor-size-default\">Geschmack des S\u00fcdens<\/h2>\t\t\t\t<\/div>\n\t\t\t\t<\/div>\n\t\t\t\t<div class=\"elementor-element elementor-element-dcb8e50 elementor-widget elementor-widget-text-editor\" data-id=\"dcb8e50\" data-element_type=\"widget\" data-e-type=\"widget\" data-widget_type=\"text-editor.default\">\n\t\t\t\t<div class=\"elementor-widget-container\">\n\t\t\t\t\t\t\t\t\t<p>Die K\u00fcchenchefs Louis Rameau und Eric Raynal bieten eine raffinierte provenzalische K\u00fcche an. Sie ehren die Aromen des S\u00fcdens durch kreative Gerichte, die Meeresfr\u00fcchte, Gem\u00fcse aus der Sonne und aromatische Kr\u00e4uter vereinen. Jeder Teller spiegelt ein von der Provence inspiriertes Gourmet-Know-how wider, das durch eine Auswahl an regionalen Weinen und einen Hauch zeitgen\u00f6ssischer Originalit\u00e4t verfeinert wird.<\/p>\t\t\t\t\t\t\t\t<\/div>\n\t\t\t\t<\/div>\n\t\t\t\t<div class=\"elementor-element elementor-element-8307685 elementor-align-left elementor-widget elementor-widget-button\" data-id=\"8307685\" data-element_type=\"widget\" data-e-type=\"widget\" data-widget_type=\"button.default\">\n\t\t\t\t<div class=\"elementor-widget-container\">\n\t\t\t\t\t\t\t\t\t<div class=\"elementor-button-wrapper\">\n\t\t\t\t\t<a class=\"elementor-button elementor-button-link elementor-size-sm\" href=\"https:\/\/www.chateauberne.com\/wp-content\/uploads\/2025\/07\/Menu-LOlivier-de-Berne-juillet-2025-fr-prix.pdf\" target=\"_blank\">\n\t\t\t\t\t\t<span class=\"elementor-button-content-wrapper\">\n\t\t\t\t\t\t\t\t\t<span class=\"elementor-button-text\">Men\u00fc<\/span>\n\t\t\t\t\t<\/span>\n\t\t\t\t\t<\/a>\n\t\t\t\t<\/div>\n\t\t\t\t\t\t\t\t<\/div>\n\t\t\t\t<\/div>\n\t\t\t\t<\/div>\n\t\t<div class=\"elementor-element elementor-element-0fd2bdf e-con-full e-flex e-con e-child\" data-id=\"0fd2bdf\" data-element_type=\"container\" data-e-type=\"container\">\n\t\t\t\t<div class=\"elementor-element elementor-element-efd381c elementor-widget elementor-widget-image\" data-id=\"efd381c\" data-element_type=\"widget\" data-e-type=\"widget\" data-widget_type=\"image.default\">\n\t\t\t\t<div class=\"elementor-widget-container\">\n\t\t\t\t\t\t\t\t\t\t\t\t\t\t\t<img decoding=\"async\" width=\"683\" height=\"1024\" src=\"https:\/\/www.chateauberne.com\/wp-content\/uploads\/2023\/01\/1022-jardin-berne-LEAGIL-14-683x1024.jpg\" class=\"attachment-large size-large wp-image-15656\" alt=\"\" srcset=\"https:\/\/www.chateauberne.com\/wp-content\/uploads\/2023\/01\/1022-jardin-berne-LEAGIL-14-683x1024.jpg 683w, https:\/\/www.chateauberne.com\/wp-content\/uploads\/2023\/01\/1022-jardin-berne-LEAGIL-14-200x300.jpg 200w, https:\/\/www.chateauberne.com\/wp-content\/uploads\/2023\/01\/1022-jardin-berne-LEAGIL-14-768x1152.jpg 768w, https:\/\/www.chateauberne.com\/wp-content\/uploads\/2023\/01\/1022-jardin-berne-LEAGIL-14-1024x1536.jpg 1024w, https:\/\/www.chateauberne.com\/wp-content\/uploads\/2023\/01\/1022-jardin-berne-LEAGIL-14-1365x2048.jpg 1365w, https:\/\/www.chateauberne.com\/wp-content\/uploads\/2023\/01\/1022-jardin-berne-LEAGIL-14-8x12.jpg 8w, https:\/\/www.chateauberne.com\/wp-content\/uploads\/2023\/01\/1022-jardin-berne-LEAGIL-14-scaled.jpg 1707w\" sizes=\"(max-width: 683px) 100vw, 683px\" \/>\t\t\t\t\t\t\t\t\t\t\t\t\t\t\t<\/div>\n\t\t\t\t<\/div>\n\t\t\t\t<div class=\"elementor-element elementor-element-c11767b elementor-widget elementor-widget-image\" data-id=\"c11767b\" data-element_type=\"widget\" data-e-type=\"widget\" data-widget_type=\"image.default\">\n\t\t\t\t<div class=\"elementor-widget-container\">\n\t\t\t\t\t\t\t\t\t\t\t\t\t\t\t<img decoding=\"async\" width=\"683\" height=\"1024\" src=\"https:\/\/www.chateauberne.com\/wp-content\/uploads\/2023\/01\/1022-jardin-berne-LEAGIL-11-683x1024.jpg\" class=\"attachment-large size-large wp-image-15660\" alt=\"\" srcset=\"https:\/\/www.chateauberne.com\/wp-content\/uploads\/2023\/01\/1022-jardin-berne-LEAGIL-11-683x1024.jpg 683w, https:\/\/www.chateauberne.com\/wp-content\/uploads\/2023\/01\/1022-jardin-berne-LEAGIL-11-200x300.jpg 200w, https:\/\/www.chateauberne.com\/wp-content\/uploads\/2023\/01\/1022-jardin-berne-LEAGIL-11-768x1152.jpg 768w, https:\/\/www.chateauberne.com\/wp-content\/uploads\/2023\/01\/1022-jardin-berne-LEAGIL-11-1024x1536.jpg 1024w, https:\/\/www.chateauberne.com\/wp-content\/uploads\/2023\/01\/1022-jardin-berne-LEAGIL-11-1365x2048.jpg 1365w, https:\/\/www.chateauberne.com\/wp-content\/uploads\/2023\/01\/1022-jardin-berne-LEAGIL-11-8x12.jpg 8w, https:\/\/www.chateauberne.com\/wp-content\/uploads\/2023\/01\/1022-jardin-berne-LEAGIL-11-scaled.jpg 1707w\" sizes=\"(max-width: 683px) 100vw, 683px\" \/>\t\t\t\t\t\t\t\t\t\t\t\t\t\t\t<\/div>\n\t\t\t\t<\/div>\n\t\t\t\t<\/div>\n\t\t\t\t\t<\/div>\n\t\t\t\t<\/div>\n\t\t<div class=\"elementor-element elementor-element-179811c e-flex e-con-boxed e-con e-parent\" data-id=\"179811c\" data-element_type=\"container\" data-e-type=\"container\">\n\t\t\t\t\t<div class=\"e-con-inner\">\n\t\t<div class=\"elementor-element elementor-element-5dee993 e-con-full e-flex e-con e-child\" data-id=\"5dee993\" data-element_type=\"container\" data-e-type=\"container\">\n\t\t\t\t<div class=\"elementor-element elementor-element-faf91a6 elementor-widget elementor-widget-image\" data-id=\"faf91a6\" data-element_type=\"widget\" data-e-type=\"widget\" data-widget_type=\"image.default\">\n\t\t\t\t<div class=\"elementor-widget-container\">\n\t\t\t\t\t\t\t\t\t\t\t\t\t\t\t<img loading=\"lazy\" decoding=\"async\" width=\"800\" height=\"534\" src=\"https:\/\/www.chateauberne.com\/wp-content\/uploads\/2023\/01\/1022-jardin-berne-LEAGIL-2-1024x683.jpg\" class=\"attachment-large size-large wp-image-15658\" alt=\"restaurant gastronomique\" srcset=\"https:\/\/www.chateauberne.com\/wp-content\/uploads\/2023\/01\/1022-jardin-berne-LEAGIL-2-1024x683.jpg 1024w, https:\/\/www.chateauberne.com\/wp-content\/uploads\/2023\/01\/1022-jardin-berne-LEAGIL-2-300x200.jpg 300w, https:\/\/www.chateauberne.com\/wp-content\/uploads\/2023\/01\/1022-jardin-berne-LEAGIL-2-768x512.jpg 768w, https:\/\/www.chateauberne.com\/wp-content\/uploads\/2023\/01\/1022-jardin-berne-LEAGIL-2-1536x1024.jpg 1536w, https:\/\/www.chateauberne.com\/wp-content\/uploads\/2023\/01\/1022-jardin-berne-LEAGIL-2-2048x1365.jpg 2048w, https:\/\/www.chateauberne.com\/wp-content\/uploads\/2023\/01\/1022-jardin-berne-LEAGIL-2-18x12.jpg 18w\" sizes=\"(max-width: 800px) 100vw, 800px\" \/>\t\t\t\t\t\t\t\t\t\t\t\t\t\t\t<\/div>\n\t\t\t\t<\/div>\n\t\t\t\t<\/div>\n\t\t<div class=\"elementor-element elementor-element-e4d85d5 e-con-full e-flex e-con e-child\" data-id=\"e4d85d5\" data-element_type=\"container\" data-e-type=\"container\" data-settings=\"{&quot;background_background&quot;:&quot;classic&quot;}\">\n\t\t\t\t<div class=\"elementor-element elementor-element-67b9b2e elementor-widget elementor-widget-heading\" data-id=\"67b9b2e\" data-element_type=\"widget\" data-e-type=\"widget\" data-widget_type=\"heading.default\">\n\t\t\t\t<div class=\"elementor-widget-container\">\n\t\t\t\t\t<h2 class=\"elementor-heading-title elementor-size-default\">Ein locavore-Ansatz<\/h2>\t\t\t\t<\/div>\n\t\t\t\t<\/div>\n\t\t\t\t<div class=\"elementor-element elementor-element-4961279 elementor-widget elementor-widget-text-editor\" data-id=\"4961279\" data-element_type=\"widget\" data-e-type=\"widget\" data-widget_type=\"text-editor.default\">\n\t\t\t\t<div class=\"elementor-widget-container\">\n\t\t\t\t\t\t\t\t\t<p><span style=\"color: #284734;\">Von den Speisen bis zu den Tellern bietet Ihnen das L'Olivier de Berne eine Speisekarte, die von den lokalen Aromen und den Produkten aus unserem Gem\u00fcsegarten bestimmt wird. Das Restaurant bevorzugt Gem\u00fcse, Kr\u00e4uter und Fr\u00fcchte, die auf dem Gut angebaut werden, und baut dauerhafte Beziehungen zu den Erzeugern und Z\u00fcchtern der Region auf. Diese Vorgehensweise findet sich auch in der Tischkultur wieder, mit Tellern, die von lokalen Handwerkern hergestellt werden, sowie Messern, die in Draguignan gefertigt werden.<\/span><\/p>\t\t\t\t\t\t\t\t<\/div>\n\t\t\t\t<\/div>\n\t\t\t\t<\/div>\n\t\t\t\t\t<\/div>\n\t\t\t\t<\/div>\n\t\t<div class=\"elementor-element elementor-element-c9aaaab e-flex e-con-boxed e-con e-parent\" data-id=\"c9aaaab\" data-element_type=\"container\" data-e-type=\"container\">\n\t\t\t\t\t<div class=\"e-con-inner\">\n\t\t<div class=\"elementor-element elementor-element-55f95fa e-con-full e-flex e-con e-child\" data-id=\"55f95fa\" data-element_type=\"container\" data-e-type=\"container\" data-settings=\"{&quot;background_background&quot;:&quot;classic&quot;}\">\n\t\t<div class=\"elementor-element elementor-element-edee1b0 e-flex e-con-boxed e-con e-child\" data-id=\"edee1b0\" data-element_type=\"container\" data-e-type=\"container\" data-settings=\"{&quot;background_background&quot;:&quot;classic&quot;}\">\n\t\t\t\t\t<div class=\"e-con-inner\">\n\t\t\t\t<div class=\"elementor-element elementor-element-417ac91 elementor-widget elementor-widget-heading\" data-id=\"417ac91\" data-element_type=\"widget\" data-e-type=\"widget\" data-widget_type=\"heading.default\">\n\t\t\t\t<div class=\"elementor-widget-container\">\n\t\t\t\t\t<div class=\"elementor-heading-title elementor-size-default\">Die Anf\u00fchrer<\/div>\t\t\t\t<\/div>\n\t\t\t\t<\/div>\n\t\t\t\t<div class=\"elementor-element elementor-element-8dbd659 elementor-widget elementor-widget-heading\" data-id=\"8dbd659\" data-element_type=\"widget\" data-e-type=\"widget\" data-widget_type=\"heading.default\">\n\t\t\t\t<div class=\"elementor-widget-container\">\n\t\t\t\t\t<div class=\"elementor-heading-title elementor-size-default\">Ihre Visionen und Verpflichtungen<\/div>\t\t\t\t<\/div>\n\t\t\t\t<\/div>\n\t\t\t\t<div class=\"elementor-element elementor-element-5751fbf elementor-align-center elementor-widget__width-initial elementor-widget elementor-widget-button\" data-id=\"5751fbf\" data-element_type=\"widget\" data-e-type=\"widget\" data-widget_type=\"button.default\">\n\t\t\t\t<div class=\"elementor-widget-container\">\n\t\t\t\t\t\t\t\t\t<div class=\"elementor-button-wrapper\">\n\t\t\t\t\t<a class=\"elementor-button elementor-button-link elementor-size-sm\" href=\"http:\/\/www.chateauberne.com\/de\/gastronomie\/les-chefs\/\">\n\t\t\t\t\t\t<span class=\"elementor-button-content-wrapper\">\n\t\t\t\t\t\t\t\t\t<span class=\"elementor-button-text\">Mehr erfahren<\/span>\n\t\t\t\t\t<\/span>\n\t\t\t\t\t<\/a>\n\t\t\t\t<\/div>\n\t\t\t\t\t\t\t\t<\/div>\n\t\t\t\t<\/div>\n\t\t\t\t\t<\/div>\n\t\t\t\t<\/div>\n\t\t\t\t<\/div>\n\t\t<div class=\"elementor-element elementor-element-b6fa64c e-con-full e-flex e-con e-child\" data-id=\"b6fa64c\" data-element_type=\"container\" data-e-type=\"container\" data-settings=\"{&quot;background_background&quot;:&quot;classic&quot;}\">\n\t\t<div class=\"elementor-element elementor-element-9693853 e-flex e-con-boxed e-con e-child\" data-id=\"9693853\" data-element_type=\"container\" data-e-type=\"container\" data-settings=\"{&quot;background_background&quot;:&quot;classic&quot;}\">\n\t\t\t\t\t<div class=\"e-con-inner\">\n\t\t\t\t<div class=\"elementor-element elementor-element-e2f7040 elementor-widget elementor-widget-heading\" data-id=\"e2f7040\" data-element_type=\"widget\" data-e-type=\"widget\" data-widget_type=\"heading.default\">\n\t\t\t\t<div class=\"elementor-widget-container\">\n\t\t\t\t\t<div class=\"elementor-heading-title elementor-size-default\">Wohlbefinden<\/div>\t\t\t\t<\/div>\n\t\t\t\t<\/div>\n\t\t\t\t<div class=\"elementor-element elementor-element-bc35eaa elementor-widget elementor-widget-heading\" data-id=\"bc35eaa\" data-element_type=\"widget\" data-e-type=\"widget\" data-widget_type=\"heading.default\">\n\t\t\t\t<div class=\"elementor-widget-container\">\n\t\t\t\t\t<div class=\"elementor-heading-title elementor-size-default\">Ein einzigartiges Spa<\/div>\t\t\t\t<\/div>\n\t\t\t\t<\/div>\n\t\t\t\t<div class=\"elementor-element elementor-element-1f71247 elementor-align-center elementor-widget__width-initial elementor-widget elementor-widget-button\" data-id=\"1f71247\" data-element_type=\"widget\" data-e-type=\"widget\" data-widget_type=\"button.default\">\n\t\t\t\t<div class=\"elementor-widget-container\">\n\t\t\t\t\t\t\t\t\t<div class=\"elementor-button-wrapper\">\n\t\t\t\t\t<a class=\"elementor-button elementor-button-link elementor-size-sm\" href=\"http:\/\/www.chateauberne.com\/de\/spa\/\">\n\t\t\t\t\t\t<span class=\"elementor-button-content-wrapper\">\n\t\t\t\t\t\t\t\t\t<span class=\"elementor-button-text\">Mehr erfahren<\/span>\n\t\t\t\t\t<\/span>\n\t\t\t\t\t<\/a>\n\t\t\t\t<\/div>\n\t\t\t\t\t\t\t\t<\/div>\n\t\t\t\t<\/div>\n\t\t\t\t\t<\/div>\n\t\t\t\t<\/div>\n\t\t\t\t<\/div>\n\t\t<div class=\"elementor-element elementor-element-e723aaf e-con-full e-flex e-con e-child\" data-id=\"e723aaf\" data-element_type=\"container\" data-e-type=\"container\" data-settings=\"{&quot;background_background&quot;:&quot;classic&quot;}\">\n\t\t<div class=\"elementor-element elementor-element-51f2f2d e-flex e-con-boxed e-con e-child\" data-id=\"51f2f2d\" data-element_type=\"container\" data-e-type=\"container\" data-settings=\"{&quot;background_background&quot;:&quot;classic&quot;}\">\n\t\t\t\t\t<div class=\"e-con-inner\">\n\t\t\t\t<div class=\"elementor-element elementor-element-fc1555a elementor-widget elementor-widget-heading\" data-id=\"fc1555a\" data-element_type=\"widget\" data-e-type=\"widget\" data-widget_type=\"heading.default\">\n\t\t\t\t<div class=\"elementor-widget-container\">\n\t\t\t\t\t<div class=\"elementor-heading-title elementor-size-default\">Weinberge und Weine<\/div>\t\t\t\t<\/div>\n\t\t\t\t<\/div>\n\t\t\t\t<div class=\"elementor-element elementor-element-a135802 elementor-widget elementor-widget-heading\" data-id=\"a135802\" data-element_type=\"widget\" data-e-type=\"widget\" data-widget_type=\"heading.default\">\n\t\t\t\t<div class=\"elementor-widget-container\">\n\t\t\t\t\t<div class=\"elementor-heading-title elementor-size-default\">Unser Weinberg in der Provence<\/div>\t\t\t\t<\/div>\n\t\t\t\t<\/div>\n\t\t<div class=\"elementor-element elementor-element-a78377f e-con-full e-flex e-con e-child\" data-id=\"a78377f\" data-element_type=\"container\" data-e-type=\"container\">\n\t\t\t\t<div class=\"elementor-element elementor-element-e0ce1dc elementor-align-left elementor-widget__width-initial elementor-widget elementor-widget-button\" data-id=\"e0ce1dc\" data-element_type=\"widget\" data-e-type=\"widget\" data-widget_type=\"button.default\">\n\t\t\t\t<div class=\"elementor-widget-container\">\n\t\t\t\t\t\t\t\t\t<div class=\"elementor-button-wrapper\">\n\t\t\t\t\t<a class=\"elementor-button elementor-button-link elementor-size-sm\" href=\"http:\/\/www.chateauberne.com\/de\/vignoble-vins\/\">\n\t\t\t\t\t\t<span class=\"elementor-button-content-wrapper\">\n\t\t\t\t\t\t\t\t\t<span class=\"elementor-button-text\">Entdecken Sie<\/span>\n\t\t\t\t\t<\/span>\n\t\t\t\t\t<\/a>\n\t\t\t\t<\/div>\n\t\t\t\t\t\t\t\t<\/div>\n\t\t\t\t<\/div>\n\t\t\t\t<div class=\"elementor-element elementor-element-e770845 elementor-align-right elementor-widget__width-initial elementor-widget elementor-widget-button\" data-id=\"e770845\" data-element_type=\"widget\" data-e-type=\"widget\" data-widget_type=\"button.default\">\n\t\t\t\t<div class=\"elementor-widget-container\">\n\t\t\t\t\t\t\t\t\t<div class=\"elementor-button-wrapper\">\n\t\t\t\t\t<a class=\"elementor-button elementor-button-link elementor-size-sm\" href=\"https:\/\/chateauberne-vin.com\/\" target=\"_blank\" rel=\"noopener\">\n\t\t\t\t\t\t<span class=\"elementor-button-content-wrapper\">\n\t\t\t\t\t\t\t\t\t<span class=\"elementor-button-text\">Kaufen Sie unsere Weine<\/span>\n\t\t\t\t\t<\/span>\n\t\t\t\t\t<\/a>\n\t\t\t\t<\/div>\n\t\t\t\t\t\t\t\t<\/div>\n\t\t\t\t<\/div>\n\t\t\t\t<\/div>\n\t\t\t\t\t<\/div>\n\t\t\t\t<\/div>\n\t\t\t\t<\/div>\n\t\t\t\t\t<\/div>\n\t\t\t\t<\/div>\n\t\t\t\t<\/div>","protected":false},"excerpt":{"rendered":"<p>L&rsquo;Olivier de berne Une cuisine aux saveurs proven\u00e7ales Symbole de la Provence, souvent associ\u00e9 au soleil, aux cigales, \u00e0 la cuisine du sud, l\u2019Olivier repr\u00e9sente \u00e0 merveille l\u2019identit\u00e9 de notre restaurant estival. Un nom \u00e9vocateur rendant \u00e9galement hommage \u00e0 l\u2019une des richesses de notre domaine. Une invitation \u00e0 la convivialit\u00e9 Sa vaste terrasse avec vue [&hellip;]<\/p>\n","protected":false},"author":18,"featured_media":0,"parent":29,"menu_order":2,"comment_status":"closed","ping_status":"closed","template":"","meta":{"inline_featured_image":false,"footnotes":""},"class_list":["post-26570","page","type-page","status-publish","hentry"],"_links":{"self":[{"href":"http:\/\/www.chateauberne.com\/de\/wp-json\/wp\/v2\/pages\/26570","targetHints":{"allow":["GET"]}}],"collection":[{"href":"http:\/\/www.chateauberne.com\/de\/wp-json\/wp\/v2\/pages"}],"about":[{"href":"http:\/\/www.chateauberne.com\/de\/wp-json\/wp\/v2\/types\/page"}],"author":[{"embeddable":true,"href":"http:\/\/www.chateauberne.com\/de\/wp-json\/wp\/v2\/users\/18"}],"replies":[{"embeddable":true,"href":"http:\/\/www.chateauberne.com\/de\/wp-json\/wp\/v2\/comments?post=26570"}],"version-history":[{"count":21,"href":"http:\/\/www.chateauberne.com\/de\/wp-json\/wp\/v2\/pages\/26570\/revisions"}],"predecessor-version":[{"id":26912,"href":"http:\/\/www.chateauberne.com\/de\/wp-json\/wp\/v2\/pages\/26570\/revisions\/26912"}],"up":[{"embeddable":true,"href":"http:\/\/www.chateauberne.com\/de\/wp-json\/wp\/v2\/pages\/29"}],"wp:attachment":[{"href":"http:\/\/www.chateauberne.com\/de\/wp-json\/wp\/v2\/media?parent=26570"}],"curies":[{"name":"wp","href":"https:\/\/api.w.org\/{rel}","templated":true}]}}