{"id":78,"date":"2020-09-28T12:03:47","date_gmt":"2020-09-28T10:03:47","guid":{"rendered":"https:\/\/www.chateauberne.com\/?page_id=78"},"modified":"2026-03-23T15:51:26","modified_gmt":"2026-03-23T14:51:26","slug":"agenda","status":"publish","type":"page","link":"https:\/\/www.chateauberne.com\/en\/oenotourisme-agenda\/agenda\/","title":{"rendered":"Agenda"},"content":{"rendered":"<div data-elementor-type=\"wp-page\" data-elementor-id=\"78\" class=\"elementor elementor-78\" data-elementor-post-type=\"page\">\n\t\t\t\t<div class=\"elementor-element elementor-element-fb26a7f e-con-full e-flex e-con e-parent\" data-id=\"fb26a7f\" data-element_type=\"container\" data-e-type=\"container\">\n\t\t\t\t<div class=\"elementor-element elementor-element-0ae9f98 elementor--h-position-center elementor--v-position-middle elementor-widget elementor-widget-slides\" data-id=\"0ae9f98\" data-element_type=\"widget\" data-e-type=\"widget\" data-settings=\"{&quot;navigation&quot;:&quot;none&quot;,&quot;transition&quot;:&quot;fade&quot;,&quot;transition_speed&quot;:500}\" data-widget_type=\"slides.default\">\n\t\t\t\t<div class=\"elementor-widget-container\">\n\t\t\t\t\t\t\t\t\t<div class=\"elementor-swiper\">\n\t\t\t\t\t<div class=\"elementor-slides-wrapper elementor-main-swiper swiper\" role=\"region\" aria-roledescription=\"carousel\" aria-label=\"Slides\" dir=\"ltr\" data-animation=\"fadeInUp\">\n\t\t\t\t<div class=\"swiper-wrapper elementor-slides\">\n\t\t\t\t\t\t\t\t\t\t<div class=\"elementor-repeater-item-de8fba4 swiper-slide\" role=\"group\" aria-roledescription=\"slide\"><div class=\"swiper-slide-bg\" role=\"img\" aria-label=\"\u00a9Airlibre- Ch\u00e2teau-DJI_0251\"><\/div><div class=\"swiper-slide-inner\" ><div class=\"swiper-slide-contents\"><\/div><\/div><\/div>\t\t\t\t<\/div>\n\t\t\t\t\t\t\t<\/div>\n\t\t\t\t<\/div>\n\t\t\t\t\t\t\t\t<\/div>\n\t\t\t\t<\/div>\n\t\t\t\t<\/div>\n\t\t<div class=\"elementor-element elementor-element-43329ea e-con-full e-flex e-con e-child\" data-id=\"43329ea\" data-element_type=\"container\" data-e-type=\"container\">\n\t\t\t\t<div class=\"elementor-element elementor-element-956b50f e-transform e-transform elementor-widget-divider--view-line elementor-widget elementor-widget-divider\" data-id=\"956b50f\" data-element_type=\"widget\" data-e-type=\"widget\" data-settings=\"{&quot;_transform_rotateZ_effect&quot;:{&quot;unit&quot;:&quot;px&quot;,&quot;size&quot;:90,&quot;sizes&quot;:[]},&quot;_transform_translateX_effect&quot;:{&quot;unit&quot;:&quot;px&quot;,&quot;size&quot;:60,&quot;sizes&quot;:[]},&quot;_transform_rotateZ_effect_widescreen&quot;:{&quot;unit&quot;:&quot;deg&quot;,&quot;size&quot;:&quot;&quot;,&quot;sizes&quot;:[]},&quot;_transform_rotateZ_effect_laptop&quot;:{&quot;unit&quot;:&quot;deg&quot;,&quot;size&quot;:&quot;&quot;,&quot;sizes&quot;:[]},&quot;_transform_rotateZ_effect_tablet_extra&quot;:{&quot;unit&quot;:&quot;deg&quot;,&quot;size&quot;:&quot;&quot;,&quot;sizes&quot;:[]},&quot;_transform_rotateZ_effect_tablet&quot;:{&quot;unit&quot;:&quot;deg&quot;,&quot;size&quot;:&quot;&quot;,&quot;sizes&quot;:[]},&quot;_transform_rotateZ_effect_mobile&quot;:{&quot;unit&quot;:&quot;deg&quot;,&quot;size&quot;:&quot;&quot;,&quot;sizes&quot;:[]},&quot;_transform_translateX_effect_widescreen&quot;:{&quot;unit&quot;:&quot;px&quot;,&quot;size&quot;:&quot;&quot;,&quot;sizes&quot;:[]},&quot;_transform_translateX_effect_laptop&quot;:{&quot;unit&quot;:&quot;px&quot;,&quot;size&quot;:&quot;&quot;,&quot;sizes&quot;:[]},&quot;_transform_translateX_effect_tablet_extra&quot;:{&quot;unit&quot;:&quot;px&quot;,&quot;size&quot;:&quot;&quot;,&quot;sizes&quot;:[]},&quot;_transform_translateX_effect_tablet&quot;:{&quot;unit&quot;:&quot;px&quot;,&quot;size&quot;:&quot;&quot;,&quot;sizes&quot;:[]},&quot;_transform_translateX_effect_mobile&quot;:{&quot;unit&quot;:&quot;px&quot;,&quot;size&quot;:&quot;&quot;,&quot;sizes&quot;:[]},&quot;_transform_translateY_effect&quot;:{&quot;unit&quot;:&quot;px&quot;,&quot;size&quot;:&quot;&quot;,&quot;sizes&quot;:[]},&quot;_transform_translateY_effect_widescreen&quot;:{&quot;unit&quot;:&quot;px&quot;,&quot;size&quot;:&quot;&quot;,&quot;sizes&quot;:[]},&quot;_transform_translateY_effect_laptop&quot;:{&quot;unit&quot;:&quot;px&quot;,&quot;size&quot;:&quot;&quot;,&quot;sizes&quot;:[]},&quot;_transform_translateY_effect_tablet_extra&quot;:{&quot;unit&quot;:&quot;px&quot;,&quot;size&quot;:&quot;&quot;,&quot;sizes&quot;:[]},&quot;_transform_translateY_effect_tablet&quot;:{&quot;unit&quot;:&quot;px&quot;,&quot;size&quot;:&quot;&quot;,&quot;sizes&quot;:[]},&quot;_transform_translateY_effect_mobile&quot;:{&quot;unit&quot;:&quot;px&quot;,&quot;size&quot;:&quot;&quot;,&quot;sizes&quot;:[]}}\" data-widget_type=\"divider.default\">\n\t\t\t\t<div class=\"elementor-widget-container\">\n\t\t\t\t\t\t\t<div class=\"elementor-divider\">\n\t\t\t<span class=\"elementor-divider-separator\">\n\t\t\t\t\t\t<\/span>\n\t\t<\/div>\n\t\t\t\t\t\t<\/div>\n\t\t\t\t<\/div>\n\t\t\t\t<div class=\"elementor-element elementor-element-3562dbc elementor-widget elementor-widget-heading\" data-id=\"3562dbc\" data-element_type=\"widget\" data-e-type=\"widget\" data-widget_type=\"heading.default\">\n\t\t\t\t<div class=\"elementor-widget-container\">\n\t\t\t\t\t<h1 class=\"elementor-heading-title elementor-size-default\">Agenda<\/h1>\t\t\t\t<\/div>\n\t\t\t\t<\/div>\n\t\t\t\t<\/div>\n\t\t<div class=\"elementor-element elementor-element-7deed63 e-flex e-con-boxed e-con e-parent\" data-id=\"7deed63\" data-element_type=\"container\" data-e-type=\"container\">\n\t\t\t\t\t<div class=\"e-con-inner\">\n\t\t\t\t<div class=\"elementor-element elementor-element-64b6c60 elementor-grid-3 elementor-grid-tablet-2 elementor-grid-mobile-1 elementor-posts--thumbnail-top elementor-posts--show-avatar elementor-card-shadow-yes elementor-posts__hover-gradient elementor-widget elementor-widget-posts\" data-id=\"64b6c60\" data-element_type=\"widget\" data-e-type=\"widget\" data-settings=\"{&quot;pagination_type&quot;:&quot;numbers&quot;,&quot;cards_columns&quot;:&quot;3&quot;,&quot;cards_columns_tablet&quot;:&quot;2&quot;,&quot;cards_columns_mobile&quot;:&quot;1&quot;,&quot;cards_row_gap&quot;:{&quot;unit&quot;:&quot;px&quot;,&quot;size&quot;:35,&quot;sizes&quot;:[]},&quot;cards_row_gap_widescreen&quot;:{&quot;unit&quot;:&quot;px&quot;,&quot;size&quot;:&quot;&quot;,&quot;sizes&quot;:[]},&quot;cards_row_gap_laptop&quot;:{&quot;unit&quot;:&quot;px&quot;,&quot;size&quot;:&quot;&quot;,&quot;sizes&quot;:[]},&quot;cards_row_gap_tablet_extra&quot;:{&quot;unit&quot;:&quot;px&quot;,&quot;size&quot;:&quot;&quot;,&quot;sizes&quot;:[]},&quot;cards_row_gap_tablet&quot;:{&quot;unit&quot;:&quot;px&quot;,&quot;size&quot;:&quot;&quot;,&quot;sizes&quot;:[]},&quot;cards_row_gap_mobile&quot;:{&quot;unit&quot;:&quot;px&quot;,&quot;size&quot;:&quot;&quot;,&quot;sizes&quot;:[]}}\" data-widget_type=\"posts.cards\">\n\t\t\t\t<div class=\"elementor-widget-container\">\n\t\t\t\t\t\t\t<div class=\"elementor-posts-container elementor-posts elementor-posts--skin-cards elementor-grid\" role=\"list\">\n\t\t\t\t<article class=\"elementor-post elementor-grid-item post-26825 post type-post status-publish format-standard has-post-thumbnail hentry category-agenda\" role=\"listitem\">\n\t\t\t<div class=\"elementor-post__card\">\n\t\t\t\t<a class=\"elementor-post__thumbnail__link\" href=\"https:\/\/www.chateauberne.com\/en\/festival-des-arts-choeurs-de-tango\/\" tabindex=\"-1\"><div class=\"elementor-post__thumbnail\"><img fetchpriority=\"high\" decoding=\"async\" width=\"2560\" height=\"1708\" src=\"https:\/\/www.chateauberne.com\/wp-content\/uploads\/2026\/04\/Chateau-de-Berne-Festival-de-Jazz-@mastermedialab-41-scaled.jpg\" class=\"attachment-full size-full wp-image-26826\" alt=\"\" srcset=\"https:\/\/www.chateauberne.com\/wp-content\/uploads\/2026\/04\/Chateau-de-Berne-Festival-de-Jazz-@mastermedialab-41-scaled.jpg 2560w, https:\/\/www.chateauberne.com\/wp-content\/uploads\/2026\/04\/Chateau-de-Berne-Festival-de-Jazz-@mastermedialab-41-300x200.jpg 300w, https:\/\/www.chateauberne.com\/wp-content\/uploads\/2026\/04\/Chateau-de-Berne-Festival-de-Jazz-@mastermedialab-41-1024x683.jpg 1024w, https:\/\/www.chateauberne.com\/wp-content\/uploads\/2026\/04\/Chateau-de-Berne-Festival-de-Jazz-@mastermedialab-41-768x512.jpg 768w, https:\/\/www.chateauberne.com\/wp-content\/uploads\/2026\/04\/Chateau-de-Berne-Festival-de-Jazz-@mastermedialab-41-1536x1025.jpg 1536w, https:\/\/www.chateauberne.com\/wp-content\/uploads\/2026\/04\/Chateau-de-Berne-Festival-de-Jazz-@mastermedialab-41-2048x1366.jpg 2048w, https:\/\/www.chateauberne.com\/wp-content\/uploads\/2026\/04\/Chateau-de-Berne-Festival-de-Jazz-@mastermedialab-41-18x12.jpg 18w\" sizes=\"(max-width: 2560px) 100vw, 2560px\" \/><\/div><\/a>\n\t\t\t\t<div class=\"elementor-post__badge\">Agenda<\/div>\n\t\t\t\t<div class=\"elementor-post__avatar\">\n\t\t\t<img alt='Eva Delaporte' src='https:\/\/www.chateauberne.com\/wp-content\/litespeed\/avatar\/aa966fc4c36ad611bafbcc57197509de.jpg?ver=1777108934' srcset='https:\/\/www.chateauberne.com\/wp-content\/litespeed\/avatar\/7dfe8fca41cbc850fa462ed5bfec5251.jpg?ver=1777108934 2x' class='avatar avatar-128 photo' height='128' width='128' \/>\t\t<\/div>\n\t\t\t\t<div class=\"elementor-post__text\">\n\t\t\t\t<h3 class=\"elementor-post__title\">\n\t\t\t<a href=\"https:\/\/www.chateauberne.com\/en\/festival-des-arts-choeurs-de-tango\/\">\n\t\t\t\tFestival des Arts - Tango Choirs\t\t\t<\/a>\n\t\t<\/h3>\n\t\t\t\t<div class=\"elementor-post__excerpt\">\n\t\t\t<p>This artistic event, brought to you by the talents of Martin Palmeri's Misa Tango, will give you the chance to<\/p>\n\t\t<\/div>\n\t\t\n\t\t<a class=\"elementor-post__read-more\" href=\"https:\/\/www.chateauberne.com\/en\/festival-des-arts-choeurs-de-tango\/\" aria-label=\"Read more about Festival des Arts &#8211; Choeurs de Tango\" tabindex=\"-1\">\n\t\t\tRead more \"\t\t<\/a>\n\n\t\t\t\t<\/div>\n\t\t\t\t\t<\/div>\n\t\t<\/article>\n\t\t\t\t<article class=\"elementor-post elementor-grid-item post-26538 post type-post status-publish format-standard has-post-thumbnail hentry category-agenda\" role=\"listitem\">\n\t\t\t<div class=\"elementor-post__card\">\n\t\t\t\t<a class=\"elementor-post__thumbnail__link\" href=\"https:\/\/www.chateauberne.com\/en\/festival-des-arts-jonathan-dassin\/\" tabindex=\"-1\"><div class=\"elementor-post__thumbnail\"><img decoding=\"async\" width=\"2560\" height=\"1862\" src=\"https:\/\/www.chateauberne.com\/wp-content\/uploads\/2026\/03\/Jonathan-Dassin-Pompadour-12.VIII_.2024-68-scaled.jpg\" class=\"attachment-full size-full wp-image-26843\" alt=\"\" srcset=\"https:\/\/www.chateauberne.com\/wp-content\/uploads\/2026\/03\/Jonathan-Dassin-Pompadour-12.VIII_.2024-68-scaled.jpg 2560w, https:\/\/www.chateauberne.com\/wp-content\/uploads\/2026\/03\/Jonathan-Dassin-Pompadour-12.VIII_.2024-68-300x218.jpg 300w, https:\/\/www.chateauberne.com\/wp-content\/uploads\/2026\/03\/Jonathan-Dassin-Pompadour-12.VIII_.2024-68-1024x745.jpg 1024w, https:\/\/www.chateauberne.com\/wp-content\/uploads\/2026\/03\/Jonathan-Dassin-Pompadour-12.VIII_.2024-68-768x558.jpg 768w, https:\/\/www.chateauberne.com\/wp-content\/uploads\/2026\/03\/Jonathan-Dassin-Pompadour-12.VIII_.2024-68-1536x1117.jpg 1536w, https:\/\/www.chateauberne.com\/wp-content\/uploads\/2026\/03\/Jonathan-Dassin-Pompadour-12.VIII_.2024-68-2048x1489.jpg 2048w, https:\/\/www.chateauberne.com\/wp-content\/uploads\/2026\/03\/Jonathan-Dassin-Pompadour-12.VIII_.2024-68-18x12.jpg 18w\" sizes=\"(max-width: 2560px) 100vw, 2560px\" \/><\/div><\/a>\n\t\t\t\t<div class=\"elementor-post__badge\">Agenda<\/div>\n\t\t\t\t<div class=\"elementor-post__avatar\">\n\t\t\t<img alt='Eva Delaporte' src='https:\/\/www.chateauberne.com\/wp-content\/litespeed\/avatar\/aa966fc4c36ad611bafbcc57197509de.jpg?ver=1777108934' srcset='https:\/\/www.chateauberne.com\/wp-content\/litespeed\/avatar\/7dfe8fca41cbc850fa462ed5bfec5251.jpg?ver=1777108934 2x' class='avatar avatar-128 photo' height='128' width='128' \/>\t\t<\/div>\n\t\t\t\t<div class=\"elementor-post__text\">\n\t\t\t\t<h3 class=\"elementor-post__title\">\n\t\t\t<a href=\"https:\/\/www.chateauberne.com\/en\/festival-des-arts-jonathan-dassin\/\">\n\t\t\t\tFestival des Arts - Jonathan Dassin\t\t\t<\/a>\n\t\t<\/h3>\n\t\t\t\t<div class=\"elementor-post__excerpt\">\n\t\t\t<p>The eldest son of Joe Dassin, Jonathan Dassin elegantly continues a musical history where emotion<\/p>\n\t\t<\/div>\n\t\t\n\t\t<a class=\"elementor-post__read-more\" href=\"https:\/\/www.chateauberne.com\/en\/festival-des-arts-jonathan-dassin\/\" aria-label=\"Read more about Festival des Arts &#8211; Jonathan Dassin\" tabindex=\"-1\">\n\t\t\tRead more \"\t\t<\/a>\n\n\t\t\t\t<\/div>\n\t\t\t\t\t<\/div>\n\t\t<\/article>\n\t\t\t\t<article class=\"elementor-post elementor-grid-item post-26537 post type-post status-publish format-standard has-post-thumbnail hentry category-agenda\" role=\"listitem\">\n\t\t\t<div class=\"elementor-post__card\">\n\t\t\t\t<a class=\"elementor-post__thumbnail__link\" href=\"https:\/\/www.chateauberne.com\/en\/festival-des-arts-yann-muller\/\" tabindex=\"-1\"><div class=\"elementor-post__thumbnail\"><img decoding=\"async\" width=\"1600\" height=\"900\" src=\"https:\/\/www.chateauberne.com\/wp-content\/uploads\/2026\/03\/Yann-Muller.png\" class=\"attachment-full size-full wp-image-26547\" alt=\"\" srcset=\"https:\/\/www.chateauberne.com\/wp-content\/uploads\/2026\/03\/Yann-Muller.png 1600w, https:\/\/www.chateauberne.com\/wp-content\/uploads\/2026\/03\/Yann-Muller-300x169.png 300w, https:\/\/www.chateauberne.com\/wp-content\/uploads\/2026\/03\/Yann-Muller-1024x576.png 1024w, https:\/\/www.chateauberne.com\/wp-content\/uploads\/2026\/03\/Yann-Muller-768x432.png 768w, https:\/\/www.chateauberne.com\/wp-content\/uploads\/2026\/03\/Yann-Muller-1536x864.png 1536w, https:\/\/www.chateauberne.com\/wp-content\/uploads\/2026\/03\/Yann-Muller-18x10.png 18w\" sizes=\"(max-width: 1600px) 100vw, 1600px\" \/><\/div><\/a>\n\t\t\t\t<div class=\"elementor-post__badge\">Agenda<\/div>\n\t\t\t\t<div class=\"elementor-post__avatar\">\n\t\t\t<img alt='Eva Delaporte' src='https:\/\/www.chateauberne.com\/wp-content\/litespeed\/avatar\/aa966fc4c36ad611bafbcc57197509de.jpg?ver=1777108934' srcset='https:\/\/www.chateauberne.com\/wp-content\/litespeed\/avatar\/7dfe8fca41cbc850fa462ed5bfec5251.jpg?ver=1777108934 2x' class='avatar avatar-128 photo' height='128' width='128' \/>\t\t<\/div>\n\t\t\t\t<div class=\"elementor-post__text\">\n\t\t\t\t<h3 class=\"elementor-post__title\">\n\t\t\t<a href=\"https:\/\/www.chateauberne.com\/en\/festival-des-arts-yann-muller\/\">\n\t\t\t\tFestival des Arts - Yann Muller\t\t\t<\/a>\n\t\t<\/h3>\n\t\t\t\t<div class=\"elementor-post__excerpt\">\n\t\t\t<p>Recognisable by his famous hat, Yann Muller is a real magician on the turntables. With his<\/p>\n\t\t<\/div>\n\t\t\n\t\t<a class=\"elementor-post__read-more\" href=\"https:\/\/www.chateauberne.com\/en\/festival-des-arts-yann-muller\/\" aria-label=\"Read more about Festival des Arts &#8211; Yann Muller\" tabindex=\"-1\">\n\t\t\tRead more \"\t\t<\/a>\n\n\t\t\t\t<\/div>\n\t\t\t\t\t<\/div>\n\t\t<\/article>\n\t\t\t\t<article class=\"elementor-post elementor-grid-item post-26529 post type-post status-publish format-standard has-post-thumbnail hentry category-agenda\" role=\"listitem\">\n\t\t\t<div class=\"elementor-post__card\">\n\t\t\t\t<a class=\"elementor-post__thumbnail__link\" href=\"https:\/\/www.chateauberne.com\/en\/festival-des-arts-camille-berthollet\/\" tabindex=\"-1\"><div class=\"elementor-post__thumbnail\"><img loading=\"lazy\" decoding=\"async\" width=\"1600\" height=\"900\" src=\"https:\/\/www.chateauberne.com\/wp-content\/uploads\/2026\/03\/Camille-Berthollet.png\" class=\"attachment-full size-full wp-image-26546\" alt=\"\" srcset=\"https:\/\/www.chateauberne.com\/wp-content\/uploads\/2026\/03\/Camille-Berthollet.png 1600w, https:\/\/www.chateauberne.com\/wp-content\/uploads\/2026\/03\/Camille-Berthollet-300x169.png 300w, https:\/\/www.chateauberne.com\/wp-content\/uploads\/2026\/03\/Camille-Berthollet-1024x576.png 1024w, https:\/\/www.chateauberne.com\/wp-content\/uploads\/2026\/03\/Camille-Berthollet-768x432.png 768w, https:\/\/www.chateauberne.com\/wp-content\/uploads\/2026\/03\/Camille-Berthollet-1536x864.png 1536w, https:\/\/www.chateauberne.com\/wp-content\/uploads\/2026\/03\/Camille-Berthollet-18x10.png 18w\" sizes=\"(max-width: 1600px) 100vw, 1600px\" \/><\/div><\/a>\n\t\t\t\t<div class=\"elementor-post__badge\">Agenda<\/div>\n\t\t\t\t<div class=\"elementor-post__avatar\">\n\t\t\t<img alt='Eva Delaporte' src='https:\/\/www.chateauberne.com\/wp-content\/litespeed\/avatar\/aa966fc4c36ad611bafbcc57197509de.jpg?ver=1777108934' srcset='https:\/\/www.chateauberne.com\/wp-content\/litespeed\/avatar\/7dfe8fca41cbc850fa462ed5bfec5251.jpg?ver=1777108934 2x' class='avatar avatar-128 photo' height='128' width='128' \/>\t\t<\/div>\n\t\t\t\t<div class=\"elementor-post__text\">\n\t\t\t\t<h3 class=\"elementor-post__title\">\n\t\t\t<a href=\"https:\/\/www.chateauberne.com\/en\/festival-des-arts-camille-berthollet\/\">\n\t\t\t\tFestival des Arts - Camille Berthollet\t\t\t<\/a>\n\t\t<\/h3>\n\t\t\t\t<div class=\"elementor-post__excerpt\">\n\t\t\t<p>With her new album Legends, Camille Berthollet invites you to enjoy a unique musical experience.<\/p>\n\t\t<\/div>\n\t\t\n\t\t<a class=\"elementor-post__read-more\" href=\"https:\/\/www.chateauberne.com\/en\/festival-des-arts-camille-berthollet\/\" aria-label=\"Read more about Festival des Arts &#8211; Camille Berthollet\" tabindex=\"-1\">\n\t\t\tRead more \"\t\t<\/a>\n\n\t\t\t\t<\/div>\n\t\t\t\t\t<\/div>\n\t\t<\/article>\n\t\t\t\t<article class=\"elementor-post elementor-grid-item post-26528 post type-post status-publish format-standard has-post-thumbnail hentry category-agenda\" role=\"listitem\">\n\t\t\t<div class=\"elementor-post__card\">\n\t\t\t\t<a class=\"elementor-post__thumbnail__link\" href=\"https:\/\/www.chateauberne.com\/en\/festival-des-arts-nicolas-reyes-the-gipsy-kings\/\" tabindex=\"-1\"><div class=\"elementor-post__thumbnail\"><img loading=\"lazy\" decoding=\"async\" width=\"1600\" height=\"900\" src=\"https:\/\/www.chateauberne.com\/wp-content\/uploads\/2026\/03\/Nicolas-Reyes.png\" class=\"attachment-full size-full wp-image-26545\" alt=\"\" srcset=\"https:\/\/www.chateauberne.com\/wp-content\/uploads\/2026\/03\/Nicolas-Reyes.png 1600w, https:\/\/www.chateauberne.com\/wp-content\/uploads\/2026\/03\/Nicolas-Reyes-300x169.png 300w, https:\/\/www.chateauberne.com\/wp-content\/uploads\/2026\/03\/Nicolas-Reyes-1024x576.png 1024w, https:\/\/www.chateauberne.com\/wp-content\/uploads\/2026\/03\/Nicolas-Reyes-768x432.png 768w, https:\/\/www.chateauberne.com\/wp-content\/uploads\/2026\/03\/Nicolas-Reyes-1536x864.png 1536w, https:\/\/www.chateauberne.com\/wp-content\/uploads\/2026\/03\/Nicolas-Reyes-18x10.png 18w\" sizes=\"(max-width: 1600px) 100vw, 1600px\" \/><\/div><\/a>\n\t\t\t\t<div class=\"elementor-post__badge\">Agenda<\/div>\n\t\t\t\t<div class=\"elementor-post__avatar\">\n\t\t\t<img alt='Eva Delaporte' src='https:\/\/www.chateauberne.com\/wp-content\/litespeed\/avatar\/aa966fc4c36ad611bafbcc57197509de.jpg?ver=1777108934' srcset='https:\/\/www.chateauberne.com\/wp-content\/litespeed\/avatar\/7dfe8fca41cbc850fa462ed5bfec5251.jpg?ver=1777108934 2x' class='avatar avatar-128 photo' height='128' width='128' \/>\t\t<\/div>\n\t\t\t\t<div class=\"elementor-post__text\">\n\t\t\t\t<h3 class=\"elementor-post__title\">\n\t\t\t<a href=\"https:\/\/www.chateauberne.com\/en\/festival-des-arts-nicolas-reyes-the-gipsy-kings\/\">\n\t\t\t\tFestival des Arts - Nicolas Reyes, the voice of the Gypsy Kings\t\t\t<\/a>\n\t\t<\/h3>\n\t\t\t\t<div class=\"elementor-post__excerpt\">\n\t\t\t<p>UNIQUE CONCERTS IN FRANCE His voice crosses generations and instantly awakens memories. Nicolas<\/p>\n\t\t<\/div>\n\t\t\n\t\t<a class=\"elementor-post__read-more\" href=\"https:\/\/www.chateauberne.com\/en\/festival-des-arts-nicolas-reyes-the-gipsy-kings\/\" aria-label=\"Read more about Festival des Arts &#8211; Nicolas Reyes, la voix des Gypsy Kings\" tabindex=\"-1\">\n\t\t\tRead more \"\t\t<\/a>\n\n\t\t\t\t<\/div>\n\t\t\t\t\t<\/div>\n\t\t<\/article>\n\t\t\t\t<article class=\"elementor-post elementor-grid-item post-26527 post type-post status-publish format-standard has-post-thumbnail hentry category-agenda\" role=\"listitem\">\n\t\t\t<div class=\"elementor-post__card\">\n\t\t\t\t<a class=\"elementor-post__thumbnail__link\" href=\"https:\/\/www.chateauberne.com\/en\/piece-de-theatre\/\" tabindex=\"-1\"><div class=\"elementor-post__thumbnail\"><img loading=\"lazy\" decoding=\"async\" width=\"1600\" height=\"900\" src=\"https:\/\/www.chateauberne.com\/wp-content\/uploads\/2026\/03\/Philippe-Candeloro-Nelson-Monfort.png\" class=\"attachment-full size-full wp-image-26544\" alt=\"\" srcset=\"https:\/\/www.chateauberne.com\/wp-content\/uploads\/2026\/03\/Philippe-Candeloro-Nelson-Monfort.png 1600w, https:\/\/www.chateauberne.com\/wp-content\/uploads\/2026\/03\/Philippe-Candeloro-Nelson-Monfort-300x169.png 300w, https:\/\/www.chateauberne.com\/wp-content\/uploads\/2026\/03\/Philippe-Candeloro-Nelson-Monfort-1024x576.png 1024w, https:\/\/www.chateauberne.com\/wp-content\/uploads\/2026\/03\/Philippe-Candeloro-Nelson-Monfort-768x432.png 768w, https:\/\/www.chateauberne.com\/wp-content\/uploads\/2026\/03\/Philippe-Candeloro-Nelson-Monfort-1536x864.png 1536w, https:\/\/www.chateauberne.com\/wp-content\/uploads\/2026\/03\/Philippe-Candeloro-Nelson-Monfort-18x10.png 18w\" sizes=\"(max-width: 1600px) 100vw, 1600px\" \/><\/div><\/a>\n\t\t\t\t<div class=\"elementor-post__badge\">Agenda<\/div>\n\t\t\t\t<div class=\"elementor-post__avatar\">\n\t\t\t<img alt='Eva Delaporte' src='https:\/\/www.chateauberne.com\/wp-content\/litespeed\/avatar\/aa966fc4c36ad611bafbcc57197509de.jpg?ver=1777108934' srcset='https:\/\/www.chateauberne.com\/wp-content\/litespeed\/avatar\/7dfe8fca41cbc850fa462ed5bfec5251.jpg?ver=1777108934 2x' class='avatar avatar-128 photo' height='128' width='128' \/>\t\t<\/div>\n\t\t\t\t<div class=\"elementor-post__text\">\n\t\t\t\t<h3 class=\"elementor-post__title\">\n\t\t\t<a href=\"https:\/\/www.chateauberne.com\/en\/piece-de-theatre\/\">\n\t\t\t\tFestival des Arts - Play by Nelson Monfort &amp; Philippe Candeloro\t\t\t<\/a>\n\t\t<\/h3>\n\t\t\t\t<div class=\"elementor-post__excerpt\">\n\t\t\t<p>In the comedy \u00ab\u00c7a patine \u00e0 Tokyo\u00bb, Nelson Monfort and Philippe Candeloro reunite<\/p>\n\t\t<\/div>\n\t\t\n\t\t<a class=\"elementor-post__read-more\" href=\"https:\/\/www.chateauberne.com\/en\/piece-de-theatre\/\" aria-label=\"Read more about Festival des Arts &#8211; Pi\u00e8ce de th\u00e9\u00e2tre de Nelson Monfort &#038; Philippe Candeloro\" tabindex=\"-1\">\n\t\t\tRead more \"\t\t<\/a>\n\n\t\t\t\t<\/div>\n\t\t\t\t\t<\/div>\n\t\t<\/article>\n\t\t\t\t<article class=\"elementor-post elementor-grid-item post-26526 post type-post status-publish format-standard has-post-thumbnail hentry category-agenda\" role=\"listitem\">\n\t\t\t<div class=\"elementor-post__card\">\n\t\t\t\t<a class=\"elementor-post__thumbnail__link\" href=\"https:\/\/www.chateauberne.com\/en\/marie-cortial-entre-terre-et-mer-dans-le-sillage-des-grands-marins\/\" tabindex=\"-1\"><div class=\"elementor-post__thumbnail\"><img loading=\"lazy\" decoding=\"async\" width=\"1600\" height=\"900\" src=\"https:\/\/www.chateauberne.com\/wp-content\/uploads\/2026\/03\/Design-sans-titre-14.png\" class=\"attachment-full size-full wp-image-26543\" alt=\"\" srcset=\"https:\/\/www.chateauberne.com\/wp-content\/uploads\/2026\/03\/Design-sans-titre-14.png 1600w, https:\/\/www.chateauberne.com\/wp-content\/uploads\/2026\/03\/Design-sans-titre-14-300x169.png 300w, https:\/\/www.chateauberne.com\/wp-content\/uploads\/2026\/03\/Design-sans-titre-14-1024x576.png 1024w, https:\/\/www.chateauberne.com\/wp-content\/uploads\/2026\/03\/Design-sans-titre-14-768x432.png 768w, https:\/\/www.chateauberne.com\/wp-content\/uploads\/2026\/03\/Design-sans-titre-14-1536x864.png 1536w, https:\/\/www.chateauberne.com\/wp-content\/uploads\/2026\/03\/Design-sans-titre-14-18x10.png 18w\" sizes=\"(max-width: 1600px) 100vw, 1600px\" \/><\/div><\/a>\n\t\t\t\t<div class=\"elementor-post__badge\">Agenda<\/div>\n\t\t\t\t<div class=\"elementor-post__avatar\">\n\t\t\t<img alt='Eva Delaporte' src='https:\/\/www.chateauberne.com\/wp-content\/litespeed\/avatar\/aa966fc4c36ad611bafbcc57197509de.jpg?ver=1777108934' srcset='https:\/\/www.chateauberne.com\/wp-content\/litespeed\/avatar\/7dfe8fca41cbc850fa462ed5bfec5251.jpg?ver=1777108934 2x' class='avatar avatar-128 photo' height='128' width='128' \/>\t\t<\/div>\n\t\t\t\t<div class=\"elementor-post__text\">\n\t\t\t\t<h3 class=\"elementor-post__title\">\n\t\t\t<a href=\"https:\/\/www.chateauberne.com\/en\/marie-cortial-entre-terre-et-mer-dans-le-sillage-des-grands-marins\/\">\n\t\t\t\tFestival des Arts - Photo exhibition by Marie Cortial\t\t\t<\/a>\n\t\t<\/h3>\n\t\t\t\t<div class=\"elementor-post__excerpt\">\n\t\t\t<p>A photographer of the moment and an adventurer at heart, Marie Cortial captures nature in all its glory.<\/p>\n\t\t<\/div>\n\t\t\n\t\t<a class=\"elementor-post__read-more\" href=\"https:\/\/www.chateauberne.com\/en\/marie-cortial-entre-terre-et-mer-dans-le-sillage-des-grands-marins\/\" aria-label=\"Read more about Festival des Arts &#8211; Exposition photos de Marie Cortial\" tabindex=\"-1\">\n\t\t\tRead more \"\t\t<\/a>\n\n\t\t\t\t<\/div>\n\t\t\t\t\t<\/div>\n\t\t<\/article>\n\t\t\t\t<article class=\"elementor-post elementor-grid-item post-26525 post type-post status-publish format-standard has-post-thumbnail hentry category-agenda\" role=\"listitem\">\n\t\t\t<div class=\"elementor-post__card\">\n\t\t\t\t<a class=\"elementor-post__thumbnail__link\" href=\"https:\/\/www.chateauberne.com\/en\/le-festival-des-arts\/\" tabindex=\"-1\"><div class=\"elementor-post__thumbnail\"><img loading=\"lazy\" decoding=\"async\" width=\"2560\" height=\"1919\" src=\"https:\/\/www.chateauberne.com\/wp-content\/uploads\/2026\/02\/Chateau-de-Berne-Festival-de-Jazz-@mastermedialab-77-scaled-1.jpg\" class=\"attachment-full size-full wp-image-26540\" alt=\"\" srcset=\"https:\/\/www.chateauberne.com\/wp-content\/uploads\/2026\/02\/Chateau-de-Berne-Festival-de-Jazz-@mastermedialab-77-scaled-1.jpg 2560w, https:\/\/www.chateauberne.com\/wp-content\/uploads\/2026\/02\/Chateau-de-Berne-Festival-de-Jazz-@mastermedialab-77-scaled-1-300x225.jpg 300w, https:\/\/www.chateauberne.com\/wp-content\/uploads\/2026\/02\/Chateau-de-Berne-Festival-de-Jazz-@mastermedialab-77-scaled-1-1024x768.jpg 1024w, https:\/\/www.chateauberne.com\/wp-content\/uploads\/2026\/02\/Chateau-de-Berne-Festival-de-Jazz-@mastermedialab-77-scaled-1-768x576.jpg 768w, https:\/\/www.chateauberne.com\/wp-content\/uploads\/2026\/02\/Chateau-de-Berne-Festival-de-Jazz-@mastermedialab-77-scaled-1-1536x1151.jpg 1536w, https:\/\/www.chateauberne.com\/wp-content\/uploads\/2026\/02\/Chateau-de-Berne-Festival-de-Jazz-@mastermedialab-77-scaled-1-2048x1535.jpg 2048w, https:\/\/www.chateauberne.com\/wp-content\/uploads\/2026\/02\/Chateau-de-Berne-Festival-de-Jazz-@mastermedialab-77-scaled-1-16x12.jpg 16w\" sizes=\"(max-width: 2560px) 100vw, 2560px\" \/><\/div><\/a>\n\t\t\t\t<div class=\"elementor-post__badge\">Agenda<\/div>\n\t\t\t\t<div class=\"elementor-post__avatar\">\n\t\t\t<img alt='Eva Delaporte' src='https:\/\/www.chateauberne.com\/wp-content\/litespeed\/avatar\/aa966fc4c36ad611bafbcc57197509de.jpg?ver=1777108934' srcset='https:\/\/www.chateauberne.com\/wp-content\/litespeed\/avatar\/7dfe8fca41cbc850fa462ed5bfec5251.jpg?ver=1777108934 2x' class='avatar avatar-128 photo' height='128' width='128' \/>\t\t<\/div>\n\t\t\t\t<div class=\"elementor-post__text\">\n\t\t\t\t<h3 class=\"elementor-post__title\">\n\t\t\t<a href=\"https:\/\/www.chateauberne.com\/en\/le-festival-des-arts\/\">\n\t\t\t\tThe Arts Festival\t\t\t<\/a>\n\t\t<\/h3>\n\t\t\t\t<div class=\"elementor-post__excerpt\">\n\t\t\t<p>In the spring and throughout the summer of 2026, Berne Castle will be inaugurating its new<\/p>\n\t\t<\/div>\n\t\t\n\t\t<a class=\"elementor-post__read-more\" href=\"https:\/\/www.chateauberne.com\/en\/le-festival-des-arts\/\" aria-label=\"Read more about Le Festival des Arts\" tabindex=\"-1\">\n\t\t\tRead more \"\t\t<\/a>\n\n\t\t\t\t<\/div>\n\t\t\t\t\t<\/div>\n\t\t<\/article>\n\t\t\t\t<article class=\"elementor-post elementor-grid-item post-21103 post type-post status-publish format-standard has-post-thumbnail hentry category-agenda\" role=\"listitem\">\n\t\t\t<div class=\"elementor-post__card\">\n\t\t\t\t<a class=\"elementor-post__thumbnail__link\" href=\"https:\/\/www.chateauberne.com\/en\/soiree-musical-au-bar\/\" tabindex=\"-1\"><div class=\"elementor-post__thumbnail\"><img loading=\"lazy\" decoding=\"async\" width=\"1587\" height=\"1380\" src=\"https:\/\/www.chateauberne.com\/wp-content\/uploads\/2024\/05\/Bar-7.png\" class=\"attachment-full size-full wp-image-21104\" alt=\"\" srcset=\"https:\/\/www.chateauberne.com\/wp-content\/uploads\/2024\/05\/Bar-7.png 1587w, https:\/\/www.chateauberne.com\/wp-content\/uploads\/2024\/05\/Bar-7-300x261.png 300w, https:\/\/www.chateauberne.com\/wp-content\/uploads\/2024\/05\/Bar-7-1024x890.png 1024w, https:\/\/www.chateauberne.com\/wp-content\/uploads\/2024\/05\/Bar-7-768x668.png 768w, https:\/\/www.chateauberne.com\/wp-content\/uploads\/2024\/05\/Bar-7-1536x1336.png 1536w, https:\/\/www.chateauberne.com\/wp-content\/uploads\/2024\/05\/Bar-7-14x12.png 14w\" sizes=\"(max-width: 1587px) 100vw, 1587px\" \/><\/div><\/a>\n\t\t\t\t<div class=\"elementor-post__badge\">Agenda<\/div>\n\t\t\t\t<div class=\"elementor-post__avatar\">\n\t\t\t<img alt='Eva Delaporte' src='https:\/\/www.chateauberne.com\/wp-content\/litespeed\/avatar\/aa966fc4c36ad611bafbcc57197509de.jpg?ver=1777108934' srcset='https:\/\/www.chateauberne.com\/wp-content\/litespeed\/avatar\/7dfe8fca41cbc850fa462ed5bfec5251.jpg?ver=1777108934 2x' class='avatar avatar-128 photo' height='128' width='128' \/>\t\t<\/div>\n\t\t\t\t<div class=\"elementor-post__text\">\n\t\t\t\t<h3 class=\"elementor-post__title\">\n\t\t\t<a href=\"https:\/\/www.chateauberne.com\/en\/soiree-musical-au-bar\/\">\n\t\t\t\tMusical evening at the Bar\t\t\t<\/a>\n\t\t<\/h3>\n\t\t\t\t<div class=\"elementor-post__excerpt\">\n\t\t\t<p>The Bar du Ch\u00e2teau de Berne is back with its musical rendez-vous every Thursday from<\/p>\n\t\t<\/div>\n\t\t\n\t\t<a class=\"elementor-post__read-more\" href=\"https:\/\/www.chateauberne.com\/en\/soiree-musical-au-bar\/\" aria-label=\"Read more about Musical evening at the Bar\" tabindex=\"-1\">\n\t\t\tRead more \"\t\t<\/a>\n\n\t\t\t\t<\/div>\n\t\t\t\t\t<\/div>\n\t\t<\/article>\n\t\t\t\t<\/div>\n\t\t\n\t\t\t\t\t\t<\/div>\n\t\t\t\t<\/div>\n\t\t\t\t\t<\/div>\n\t\t\t\t<\/div>\n\t\t<div class=\"elementor-element elementor-element-3dcb879 e-flex e-con-boxed e-con e-parent\" data-id=\"3dcb879\" data-element_type=\"container\" data-e-type=\"container\">\n\t\t\t\t\t<div class=\"e-con-inner\">\n\t\t<div class=\"elementor-element elementor-element-dae4b4f e-con-full e-flex e-con e-child\" data-id=\"dae4b4f\" data-element_type=\"container\" data-e-type=\"container\" data-settings=\"{&quot;background_background&quot;:&quot;classic&quot;}\">\n\t\t<div class=\"elementor-element elementor-element-9baa9c3 e-con-full e-flex e-con e-child\" data-id=\"9baa9c3\" data-element_type=\"container\" data-e-type=\"container\" data-settings=\"{&quot;background_background&quot;:&quot;classic&quot;}\">\n\t\t\t\t<div class=\"elementor-element elementor-element-8a061b9 elementor-widget elementor-widget-heading\" data-id=\"8a061b9\" data-element_type=\"widget\" data-e-type=\"widget\" data-widget_type=\"heading.default\">\n\t\t\t\t<div class=\"elementor-widget-container\">\n\t\t\t\t\t<div class=\"elementor-heading-title elementor-size-default\">Wine e-shop<\/div>\t\t\t\t<\/div>\n\t\t\t\t<\/div>\n\t\t\t\t<div class=\"elementor-element elementor-element-1f6b13e elementor-align-center elementor-widget__width-inherit elementor-widget elementor-widget-button\" data-id=\"1f6b13e\" data-element_type=\"widget\" data-e-type=\"widget\" data-widget_type=\"button.default\">\n\t\t\t\t<div class=\"elementor-widget-container\">\n\t\t\t\t\t\t\t\t\t<div class=\"elementor-button-wrapper\">\n\t\t\t\t\t<a class=\"elementor-button elementor-button-link elementor-size-sm\" href=\"https:\/\/www.chateauberne.com\/en\/vignoble-vins\/vins\/\">\n\t\t\t\t\t\t<span class=\"elementor-button-content-wrapper\">\n\t\t\t\t\t\t\t\t\t<span class=\"elementor-button-text\">Discover<\/span>\n\t\t\t\t\t<\/span>\n\t\t\t\t\t<\/a>\n\t\t\t\t<\/div>\n\t\t\t\t\t\t\t\t<\/div>\n\t\t\t\t<\/div>\n\t\t\t\t<div class=\"elementor-element elementor-element-2f40227 elementor-align-center elementor-widget elementor-widget-button\" data-id=\"2f40227\" data-element_type=\"widget\" data-e-type=\"widget\" data-widget_type=\"button.default\">\n\t\t\t\t<div class=\"elementor-widget-container\">\n\t\t\t\t\t\t\t\t\t<div class=\"elementor-button-wrapper\">\n\t\t\t\t\t<a class=\"elementor-button elementor-button-link elementor-size-sm\" href=\"https:\/\/chateauberne-vin.com\/\" target=\"_blank\" rel=\"noopener\">\n\t\t\t\t\t\t<span class=\"elementor-button-content-wrapper\">\n\t\t\t\t\t\t<span class=\"elementor-button-icon\">\n\t\t\t\t<i aria-hidden=\"true\" class=\"fas fa-wine-bottle\"><\/i>\t\t\t<\/span>\n\t\t\t\t\t\t\t\t\t<span class=\"elementor-button-text\">Buy our wines<\/span>\n\t\t\t\t\t<\/span>\n\t\t\t\t\t<\/a>\n\t\t\t\t<\/div>\n\t\t\t\t\t\t\t\t<\/div>\n\t\t\t\t<\/div>\n\t\t\t\t<\/div>\n\t\t\t\t<\/div>\n\t\t<div class=\"elementor-element elementor-element-e22cd80 e-con-full e-flex e-con e-child\" data-id=\"e22cd80\" data-element_type=\"container\" data-e-type=\"container\" data-settings=\"{&quot;background_background&quot;:&quot;classic&quot;}\">\n\t\t<div class=\"elementor-element elementor-element-cf42522 e-con-full e-flex e-con e-child\" data-id=\"cf42522\" data-element_type=\"container\" data-e-type=\"container\" data-settings=\"{&quot;background_background&quot;:&quot;classic&quot;}\">\n\t\t\t\t<div class=\"elementor-element elementor-element-7465b0b elementor-widget elementor-widget-heading\" data-id=\"7465b0b\" data-element_type=\"widget\" data-e-type=\"widget\" data-widget_type=\"heading.default\">\n\t\t\t\t<div class=\"elementor-widget-container\">\n\t\t\t\t\t<div class=\"elementor-heading-title elementor-size-default\">Exceptional gastronomy<\/div>\t\t\t\t<\/div>\n\t\t\t\t<\/div>\n\t\t\t\t<div class=\"elementor-element elementor-element-fa749c9 elementor-widget elementor-widget-heading\" data-id=\"fa749c9\" data-element_type=\"widget\" data-e-type=\"widget\" data-widget_type=\"heading.default\">\n\t\t\t\t<div class=\"elementor-widget-container\">\n\t\t\t\t\t<div class=\"elementor-heading-title elementor-size-default\">From bark to soul<\/div>\t\t\t\t<\/div>\n\t\t\t\t<\/div>\n\t\t\t\t<div class=\"elementor-element elementor-element-0d592cb elementor-align-center elementor-widget__width-inherit elementor-widget elementor-widget-button\" data-id=\"0d592cb\" data-element_type=\"widget\" data-e-type=\"widget\" data-widget_type=\"button.default\">\n\t\t\t\t<div class=\"elementor-widget-container\">\n\t\t\t\t\t\t\t\t\t<div class=\"elementor-button-wrapper\">\n\t\t\t\t\t<a class=\"elementor-button elementor-button-link elementor-size-sm\" href=\"https:\/\/www.chateauberne.com\/en\/gastronomie\/\">\n\t\t\t\t\t\t<span class=\"elementor-button-content-wrapper\">\n\t\t\t\t\t\t\t\t\t<span class=\"elementor-button-text\">Find out more<\/span>\n\t\t\t\t\t<\/span>\n\t\t\t\t\t<\/a>\n\t\t\t\t<\/div>\n\t\t\t\t\t\t\t\t<\/div>\n\t\t\t\t<\/div>\n\t\t\t\t<\/div>\n\t\t\t\t<\/div>\n\t\t<div class=\"elementor-element elementor-element-2e03c11 e-con-full e-flex e-con e-child\" data-id=\"2e03c11\" data-element_type=\"container\" data-e-type=\"container\" data-settings=\"{&quot;background_background&quot;:&quot;classic&quot;}\">\n\t\t<div class=\"elementor-element elementor-element-6cff6cd e-con-full e-flex e-con e-child\" data-id=\"6cff6cd\" data-element_type=\"container\" data-e-type=\"container\" data-settings=\"{&quot;background_background&quot;:&quot;classic&quot;}\">\n\t\t\t\t<div class=\"elementor-element elementor-element-6dc8ae5 elementor-widget elementor-widget-heading\" data-id=\"6dc8ae5\" data-element_type=\"widget\" data-e-type=\"widget\" data-widget_type=\"heading.default\">\n\t\t\t\t<div class=\"elementor-widget-container\">\n\t\t\t\t\t<div class=\"elementor-heading-title elementor-size-default\">Wellbeing<\/div>\t\t\t\t<\/div>\n\t\t\t\t<\/div>\n\t\t\t\t<div class=\"elementor-element elementor-element-a002fb4 elementor-widget elementor-widget-heading\" data-id=\"a002fb4\" data-element_type=\"widget\" data-e-type=\"widget\" data-widget_type=\"heading.default\">\n\t\t\t\t<div class=\"elementor-widget-container\">\n\t\t\t\t\t<div class=\"elementor-heading-title elementor-size-default\">A unique five-world spa<\/div>\t\t\t\t<\/div>\n\t\t\t\t<\/div>\n\t\t\t\t<div class=\"elementor-element elementor-element-47aadf9 elementor-align-center elementor-widget__width-inherit elementor-widget elementor-widget-button\" data-id=\"47aadf9\" data-element_type=\"widget\" data-e-type=\"widget\" data-widget_type=\"button.default\">\n\t\t\t\t<div class=\"elementor-widget-container\">\n\t\t\t\t\t\t\t\t\t<div class=\"elementor-button-wrapper\">\n\t\t\t\t\t<a class=\"elementor-button elementor-button-link elementor-size-sm\" href=\"https:\/\/www.chateauberne.com\/en\/spa\/\">\n\t\t\t\t\t\t<span class=\"elementor-button-content-wrapper\">\n\t\t\t\t\t\t\t\t\t<span class=\"elementor-button-text\">Find out more<\/span>\n\t\t\t\t\t<\/span>\n\t\t\t\t\t<\/a>\n\t\t\t\t<\/div>\n\t\t\t\t\t\t\t\t<\/div>\n\t\t\t\t<\/div>\n\t\t\t\t<\/div>\n\t\t\t\t<\/div>\n\t\t\t\t\t<\/div>\n\t\t\t\t<\/div>\n\t\t\t\t<\/div>","protected":false},"excerpt":{"rendered":"<p>E-boutique vins D\u00e9couvrir Achetez nos vins Une gastronomie d&rsquo;exception De l&rsquo;\u00e9corce \u00e0 l&rsquo;\u00e2me En savoir plus Bien-\u00eatre\u200b Un spa cinq mondes unique En savoir plus<\/p>","protected":false},"author":18,"featured_media":0,"parent":35,"menu_order":0,"comment_status":"closed","ping_status":"closed","template":"","meta":{"inline_featured_image":false,"footnotes":""},"class_list":["post-78","page","type-page","status-publish","hentry"],"_links":{"self":[{"href":"https:\/\/www.chateauberne.com\/en\/wp-json\/wp\/v2\/pages\/78","targetHints":{"allow":["GET"]}}],"collection":[{"href":"https:\/\/www.chateauberne.com\/en\/wp-json\/wp\/v2\/pages"}],"about":[{"href":"https:\/\/www.chateauberne.com\/en\/wp-json\/wp\/v2\/types\/page"}],"author":[{"embeddable":true,"href":"https:\/\/www.chateauberne.com\/en\/wp-json\/wp\/v2\/users\/18"}],"replies":[{"embeddable":true,"href":"https:\/\/www.chateauberne.com\/en\/wp-json\/wp\/v2\/comments?post=78"}],"version-history":[{"count":131,"href":"https:\/\/www.chateauberne.com\/en\/wp-json\/wp\/v2\/pages\/78\/revisions"}],"predecessor-version":[{"id":26720,"href":"https:\/\/www.chateauberne.com\/en\/wp-json\/wp\/v2\/pages\/78\/revisions\/26720"}],"up":[{"embeddable":true,"href":"https:\/\/www.chateauberne.com\/en\/wp-json\/wp\/v2\/pages\/35"}],"wp:attachment":[{"href":"https:\/\/www.chateauberne.com\/en\/wp-json\/wp\/v2\/media?parent=78"}],"curies":[{"name":"wp","href":"https:\/\/api.w.org\/{rel}","templated":true}]}}